{"id":30,"date":"2023-09-18T09:54:18","date_gmt":"2023-09-18T07:54:18","guid":{"rendered":"https:\/\/gabrielpissondes.fr\/?page_id=30"},"modified":"2025-11-11T10:10:56","modified_gmt":"2025-11-11T09:10:56","slug":"a-propos","status":"publish","type":"page","link":"https:\/\/gabrielpissondes.fr\/index.php\/a-propos\/","title":{"rendered":"A propos"},"content":{"rendered":"\n<div class=\"wp-block-group is-vertical is-layout-flex wp-container-core-group-is-layout-f2d7c37b wp-block-group-is-layout-flex\" style=\"margin-top:0;margin-bottom:0;padding-top:0;padding-right:0;padding-bottom:0;padding-left:0\">\n<div style=\"height:92px\" aria-hidden=\"true\" class=\"wp-block-spacer wp-container-content-f96796aa\"><\/div>\n\n\n\n<p class=\"has-medium-font-size\"><strong>Illustrateur scientifique.<\/strong><\/p>\n\n\n\n<div style=\"margin-top:0;margin-bottom:0;height:0px\" aria-hidden=\"true\" class=\"wp-block-spacer wp-container-content-62aae154\"><\/div>\n\n\n\n<p style=\"font-size:16px\">Je dessine depuis mon plus jeune \u00e2ge et je d\u00e9cide d&rsquo;orienter mes \u00e9tudes vers l&rsquo;architecture. En 2014, j\u2019obtiens mon dipl\u00f4me \u00e0 l&rsquo;\u00e9cole de Clermont-Ferrand et je commence \u00e0 travailler en agence. En parall\u00e8le, je m\u2019investis dans le milieu artistique clermontois et fran\u00e7ais, en participant \u00e0 diff\u00e9rents fanzines, \u00e0 des expositions et en organisant des salons visant promouvoir la micro-\u00e9dition.<br>En 2017 j&rsquo;ai l\u2019opportunit\u00e9 de faire ma premi\u00e8re mission pour la Maison des Sciences et de l&rsquo;Homme de Clermont-Ferrand, d\u00e9butant ainsi ma carri\u00e8re d&rsquo;illustrateur dans le milieu scientifique. Depuis, j&rsquo;ai pu travailler pour des structures telles que l&rsquo;INRAP, le Mus\u00e9e de Gergovie, le Conseil d\u00e9partemental du Puy de D\u00f4me, les Presses universitaires Blaise-Pascal ou le Mus\u00e9e de Tahiti et des \u00eeles.<\/p>\n<\/div>\n\n\n\n<div style=\"margin-top:0;margin-bottom:0;height:58px\" aria-hidden=\"true\" class=\"wp-block-spacer\"><\/div>\n\n\n\n<p style=\"margin-top:0;margin-right:0;margin-bottom:0;margin-left:0;font-size:20px\"><strong>PUBLICATIONS<\/strong><\/p>\n\n\n\n<div style=\"margin-top:0;margin-bottom:0;height:20px\" aria-hidden=\"true\" class=\"wp-block-spacer\"><\/div>\n\n\n\n<div class=\"wp-block-group is-layout-constrained wp-container-core-group-is-layout-72d38984 wp-block-group-is-layout-constrained\" style=\"margin-top:0;margin-bottom:0;padding-top:0;padding-right:0;padding-bottom:0;padding-left:0\">\n<p style=\"font-size:16px\"><em><strong>Balades d&rsquo;architecture moderne et contemporaine en Occitanie<\/strong><\/em> &#8211; Maison de l&rsquo;Architecture Occitanie-Pyr\u00e9n\u00e9es &#8211; 2023<\/p>\n\n\n\n<p style=\"font-size:14px\">Bureau Brut<\/p>\n\n\n\n<div style=\"height:20px\" aria-hidden=\"true\" class=\"wp-block-spacer\"><\/div>\n<\/div>\n\n\n\n<div class=\"wp-block-group is-layout-constrained wp-container-core-group-is-layout-72d38984 wp-block-group-is-layout-constrained\" style=\"margin-top:0;margin-bottom:0;padding-top:0;padding-right:0;padding-bottom:0;padding-left:0\">\n<p style=\"font-size:16px\"><em><strong>Mourrons<\/strong><\/em> &#8211; Micr0lab &#8211; 2023<\/p>\n\n\n\n<p style=\"font-size:14px\">Micr0lab<\/p>\n\n\n\n<div style=\"height:20px\" aria-hidden=\"true\" class=\"wp-block-spacer\"><\/div>\n<\/div>\n\n\n\n<div class=\"wp-block-group is-layout-constrained wp-container-core-group-is-layout-5c53b157 wp-block-group-is-layout-constrained\" style=\"margin-top:0;margin-bottom:0;padding-top:0;padding-right:0;padding-bottom:0;padding-left:0\">\n<p style=\"font-size:16px\"><em><strong>Molly<\/strong><\/em> &#8211; L&rsquo;atelier du poisson soluble &#8211;&nbsp; 2022<\/p>\n\n\n\n<p style=\"font-size:14px\">Gr\u00e9goire Kocjan, Gabriel Pissondes<\/p>\n\n\n\n<div style=\"height:20px\" aria-hidden=\"true\" class=\"wp-block-spacer\"><\/div>\n<\/div>\n\n\n\n<div class=\"wp-block-group is-layout-constrained wp-container-core-group-is-layout-72d38984 wp-block-group-is-layout-constrained\" style=\"margin-top:0;margin-bottom:0;padding-top:0;padding-right:0;padding-bottom:0;padding-left:0\">\n<p style=\"font-size:16px\"><strong><em>La Com\u00e9die de Clermont-Ferrand &#8211; Un si\u00e8cle de th\u00e9\u00e2tre en province de la Premi\u00e8re \u00e0 la Troisi\u00e8me R\u00e9publique<\/em><\/strong> &#8211; Presses universitaires Blaise Pascal &#8211;&nbsp; 2022<\/p>\n\n\n\n<p style=\"font-size:14px\">Philippe Bourdin<\/p>\n\n\n\n<div style=\"height:20px\" aria-hidden=\"true\" class=\"wp-block-spacer\"><\/div>\n<\/div>\n\n\n\n<div class=\"wp-block-group is-layout-constrained wp-container-core-group-is-layout-72d38984 wp-block-group-is-layout-constrained\" style=\"margin-top:0;margin-bottom:0;padding-top:0;padding-right:0;padding-bottom:0;padding-left:0\">\n<p style=\"font-size:16px\"><strong><em>Chambre P\u00e2le #5 Trous noirs<\/em><\/strong> &#8211; Micr0lab &#8211;&nbsp; 2020<\/p>\n\n\n\n<p style=\"font-size:14px\">Micr0lab<\/p>\n\n\n\n<div style=\"height:20px\" aria-hidden=\"true\" class=\"wp-block-spacer\"><\/div>\n<\/div>\n\n\n\n<div class=\"wp-block-group is-layout-constrained wp-container-core-group-is-layout-72d38984 wp-block-group-is-layout-constrained\" style=\"margin-top:0;margin-bottom:0;padding-top:0;padding-right:0;padding-bottom:0;padding-left:0\">\n<p style=\"font-size:16px\"><strong><em>S\u00e9pultures de chevaux devant Gergovie<\/em><\/strong> &#8211; Presses universitaires Blaise Pascal &#8211;&nbsp; 2019<\/p>\n\n\n\n<p style=\"font-size:14px\">Sylvain Foucras<\/p>\n\n\n\n<div style=\"height:20px\" aria-hidden=\"true\" class=\"wp-block-spacer\"><\/div>\n<\/div>\n\n\n\n<div class=\"wp-block-group is-layout-constrained wp-container-core-group-is-layout-72d38984 wp-block-group-is-layout-constrained\" style=\"margin-top:0;margin-bottom:0;padding-top:0;padding-right:0;padding-bottom:0;padding-left:0\">\n<p style=\"font-size:16px\"><strong><em>Cagibi Book<\/em><\/strong> &#8211; Le Cagibi &#8211;&nbsp; 2019<\/p>\n\n\n\n<p style=\"font-size:14px\">Le Cagibi<\/p>\n\n\n\n<div style=\"height:20px\" aria-hidden=\"true\" class=\"wp-block-spacer\"><\/div>\n<\/div>\n\n\n\n<div class=\"wp-block-group is-layout-constrained wp-container-core-group-is-layout-72d38984 wp-block-group-is-layout-constrained\" style=\"margin-top:0;margin-bottom:0;padding-top:0;padding-right:0;padding-bottom:0;padding-left:0\">\n<p style=\"font-size:16px\"><strong><em>Chambre P\u00e2le #4 Plis, cro\u00fbtes, et zones humides<\/em><\/strong> &#8211; Micr0lab &#8211;&nbsp; 2019<\/p>\n\n\n\n<p style=\"font-size:14px\">Micr0lab<\/p>\n\n\n\n<div style=\"height:20px\" aria-hidden=\"true\" class=\"wp-block-spacer\"><\/div>\n<\/div>\n\n\n\n<div class=\"wp-block-group is-layout-constrained wp-container-core-group-is-layout-72d38984 wp-block-group-is-layout-constrained\" style=\"margin-top:0;margin-bottom:0;padding-top:0;padding-right:0;padding-bottom:0;padding-left:0\">\n<p style=\"font-size:16px\"><strong><em>La Mort se meurt<\/em><\/strong> &#8211; La maQuerelle &#8211;&nbsp; 2018<\/p>\n\n\n\n<p style=\"font-size:14px\">Gabriel Pissondes<\/p>\n\n\n\n<div style=\"height:20px\" aria-hidden=\"true\" class=\"wp-block-spacer\"><\/div>\n<\/div>\n\n\n\n<div class=\"wp-block-group is-layout-constrained wp-container-core-group-is-layout-5c53b157 wp-block-group-is-layout-constrained\" style=\"margin-top:0;margin-bottom:0;padding-top:0;padding-right:0;padding-bottom:0;padding-left:0\">\n<p style=\"font-size:16px\"><strong><em>Plus qu&rsquo;une n\u00e9buleuse avant la fin<\/em><\/strong> &#8211; La maQuerelle &#8211;&nbsp; 2018<\/p>\n\n\n\n<p style=\"font-size:14px\">La maQuerelle<\/p>\n\n\n\n<div style=\"height:20px\" aria-hidden=\"true\" class=\"wp-block-spacer\"><\/div>\n<\/div>\n\n\n\n<div class=\"wp-block-group is-layout-constrained wp-container-core-group-is-layout-5c53b157 wp-block-group-is-layout-constrained\" style=\"margin-top:0;margin-bottom:0;padding-top:0;padding-right:0;padding-bottom:0;padding-left:0\">\n<p style=\"font-size:16px\"><strong><em>Chambre P\u00e2le #3 Moyen-\u00e2ge morderne<\/em><\/strong> &#8211; Micr0lab &#8211;&nbsp; 2018<\/p>\n\n\n\n<p style=\"font-size:14px\">Micr0lab<\/p>\n\n\n\n<div style=\"height:20px\" aria-hidden=\"true\" class=\"wp-block-spacer\"><\/div>\n<\/div>\n\n\n\n<div class=\"wp-block-group is-layout-constrained wp-container-core-group-is-layout-72d38984 wp-block-group-is-layout-constrained\" style=\"margin-top:0;margin-bottom:0;padding-top:0;padding-right:0;padding-bottom:0;padding-left:0\">\n<p style=\"font-size:16px\"><strong><em>Banza\u00ef Horreur<\/em><\/strong> &#8211; Mad S\u00e9rie &#8211;&nbsp; 2017<\/p>\n\n\n\n<p style=\"font-size:14px\">Mad S\u00e9rie<\/p>\n\n\n\n<div style=\"height:20px\" aria-hidden=\"true\" class=\"wp-block-spacer\"><\/div>\n<\/div>\n\n\n\n<div class=\"wp-block-group is-layout-constrained wp-container-core-group-is-layout-72d38984 wp-block-group-is-layout-constrained\" style=\"margin-top:0;margin-bottom:0;padding-top:0;padding-right:0;padding-bottom:0;padding-left:0\">\n<p style=\"font-size:16px\"><strong><em>Rouge Bruit<\/em><\/strong> &#8211; EpOx er BotOx \u00e9ditions &#8211;&nbsp; 2017<\/p>\n\n\n\n<p style=\"font-size:14px\">EpOx er BotOx \u00e9ditions<\/p>\n\n\n\n<div style=\"height:20px\" aria-hidden=\"true\" class=\"wp-block-spacer\"><\/div>\n<\/div>\n\n\n\n<div class=\"wp-block-group is-layout-constrained wp-container-core-group-is-layout-72d38984 wp-block-group-is-layout-constrained\" style=\"margin-top:0;margin-bottom:0;padding-top:0;padding-right:0;padding-bottom:0;padding-left:0\">\n<p style=\"font-size:16px\"><em><strong>P<\/strong><\/em><strong><em>ar del\u00e0 les for\u00eats<\/em><\/strong> &#8211; La maQuerelle &#8211;&nbsp; 2017<\/p>\n\n\n\n<p style=\"font-size:14px\">La maQuerelle<\/p>\n\n\n\n<div style=\"height:20px\" aria-hidden=\"true\" class=\"wp-block-spacer\"><\/div>\n<\/div>\n\n\n\n<div style=\"margin-top:0;margin-bottom:0;height:40px\" aria-hidden=\"true\" class=\"wp-block-spacer\"><\/div>\n\n\n\n<p style=\"margin-top:0;margin-right:0;margin-bottom:0;margin-left:0;font-size:20px\"><strong>EXPOSITIONS<\/strong><\/p>\n\n\n\n<div style=\"margin-top:0;margin-bottom:0;height:20px\" aria-hidden=\"true\" class=\"wp-block-spacer\"><\/div>\n\n\n\n<div class=\"wp-block-group is-layout-constrained wp-container-core-group-is-layout-5c53b157 wp-block-group-is-layout-constrained\" style=\"margin-top:0;margin-bottom:0;padding-top:0;padding-right:0;padding-bottom:0;padding-left:0\">\n<p style=\"font-size:16px\"><strong><strong><strong><strong>M\u00e9tallurgie gabale. Transformer la mati\u00e8re, forger le quotidien \u00e0 Anderitum<\/strong><\/strong><\/strong><\/strong> &#8211; Mus\u00e9e de Javols &#8211;&nbsp; 2025-2026<\/p>\n\n\n\n<p style=\"font-size:14px\">Mus\u00e9e de Javols, Mus\u00e9e d\u2019Arch\u00e9ologie<\/p>\n\n\n\n<div style=\"height:20px\" aria-hidden=\"true\" class=\"wp-block-spacer\"><\/div>\n<\/div>\n\n\n\n<div class=\"wp-block-group is-layout-constrained wp-container-core-group-is-layout-5c53b157 wp-block-group-is-layout-constrained\" style=\"margin-top:0;margin-bottom:0;padding-top:0;padding-right:0;padding-bottom:0;padding-left:0\">\n<p style=\"font-size:16px\"><strong><strong>Saveurs gauloises : cuisiner, boire et manger chez les Arvernes (IIe-Ier si\u00e8cle av. J.-C.)<\/strong><\/strong> &#8211; Mus\u00e9e de Gergovie &#8211;&nbsp; 2025-2026<\/p>\n\n\n\n<p style=\"font-size:14px\">Mus\u00e9e de Gergovie, Mus\u00e9e d\u2019Arch\u00e9ologie<\/p>\n\n\n\n<div style=\"height:20px\" aria-hidden=\"true\" class=\"wp-block-spacer\"><\/div>\n<\/div>\n\n\n\n<div class=\"wp-block-group is-layout-constrained wp-container-core-group-is-layout-5c53b157 wp-block-group-is-layout-constrained\" style=\"margin-top:0;margin-bottom:0;padding-top:0;padding-right:0;padding-bottom:0;padding-left:0\">\n<p style=\"font-size:16px\"><strong>Les Gergoviotes, des \u00e9tudiants en r\u00e9sistance<\/strong> &#8211; Mus\u00e9e de Gergovie &#8211;&nbsp; 2023-2024<\/p>\n\n\n\n<p style=\"font-size:14px\">Mus\u00e9e de Gergovie, Mus\u00e9e d\u2019Arch\u00e9ologie<\/p>\n\n\n\n<div style=\"height:20px\" aria-hidden=\"true\" class=\"wp-block-spacer\"><\/div>\n<\/div>\n\n\n\n<div class=\"wp-block-group is-layout-constrained wp-container-core-group-is-layout-5c53b157 wp-block-group-is-layout-constrained\" style=\"margin-top:0;margin-bottom:0;padding-top:0;padding-right:0;padding-bottom:0;padding-left:0\">\n<p style=\"font-size:16px\"><strong>C\u00e9sar \u00e0 Gergovie<\/strong> &#8211; Mus\u00e9e de Gergovie &#8211;&nbsp; 2022-2023<\/p>\n\n\n\n<p style=\"font-size:14px\">Mus\u00e9e de Gergovie, Mus\u00e9e d\u2019Arch\u00e9ologie Nationale de Saint-Germain en Laye, INRAP, Maison des Sciences de l\u2019Homme de Clermont-Ferrand<\/p>\n\n\n\n<div style=\"height:20px\" aria-hidden=\"true\" class=\"wp-block-spacer\"><\/div>\n<\/div>\n\n\n\n<div class=\"wp-block-group is-layout-constrained wp-container-core-group-is-layout-5c53b157 wp-block-group-is-layout-constrained\" style=\"margin-top:0;margin-bottom:0;padding-top:0;padding-right:0;padding-bottom:0;padding-left:0\">\n<p style=\"font-size:16px\"><strong>Des lionnes dans le Massif Central?<\/strong> &#8211; Mus\u00e9e d\u00e9partemental de la c\u00e9ramique \u00e0 Lezoux &#8211;&nbsp; 2019<\/p>\n\n\n\n<p style=\"font-size:14px\">Maison des sciences de l&rsquo;homme<\/p>\n\n\n\n<div style=\"height:20px\" aria-hidden=\"true\" class=\"wp-block-spacer\"><\/div>\n<\/div>\n\n\n\n<div class=\"wp-block-group is-layout-constrained wp-container-core-group-is-layout-72d38984 wp-block-group-is-layout-constrained\" style=\"margin-top:0;margin-bottom:0;padding-top:0;padding-right:0;padding-bottom:0;padding-left:0\">\n<p style=\"font-size:16px\"><strong>Petit Petit Salon 4<\/strong> &#8211; H\u00f4tel des Vil-e-s &#8211;&nbsp; 2018<\/p>\n\n\n\n<p style=\"font-size:14px\">Collectif du Petit Petit Salon<\/p>\n\n\n\n<div style=\"height:20px\" aria-hidden=\"true\" class=\"wp-block-spacer\"><\/div>\n<\/div>\n\n\n\n<div class=\"wp-block-group is-layout-constrained wp-container-core-group-is-layout-72d38984 wp-block-group-is-layout-constrained\" style=\"margin-top:0;margin-bottom:0;padding-top:0;padding-right:0;padding-bottom:0;padding-left:0\">\n<p style=\"font-size:16px\"><strong>A l&rsquo;Arrache 6 Fronti\u00e8res<\/strong> &#8211; Les Abattoirs de Rioms &#8211;&nbsp; 2017<\/p>\n\n\n\n<p style=\"font-size:14px\">A l&rsquo;Arrache<\/p>\n\n\n\n<div style=\"height:20px\" aria-hidden=\"true\" class=\"wp-block-spacer\"><\/div>\n<\/div>\n\n\n\n<div class=\"wp-block-group is-layout-constrained wp-container-core-group-is-layout-72d38984 wp-block-group-is-layout-constrained\" style=\"margin-top:0;margin-bottom:0;padding-top:0;padding-right:0;padding-bottom:0;padding-left:0\">\n<p style=\"font-size:16px\"><strong>Anatomie du Labo 9<\/strong> &#8211; Salle Gilbert Gaillard &#8211;&nbsp; 2017<\/p>\n\n\n\n<p style=\"font-size:14px\">Ville de Clermont-Ferrand<\/p>\n\n\n\n<div style=\"height:20px\" aria-hidden=\"true\" class=\"wp-block-spacer\"><\/div>\n<\/div>\n\n\n\n<div class=\"wp-block-group is-layout-constrained wp-container-core-group-is-layout-72d38984 wp-block-group-is-layout-constrained\" style=\"margin-top:0;margin-bottom:0;padding-top:0;padding-right:0;padding-bottom:0;padding-left:0\">\n<p style=\"font-size:16px\"><strong>Petit Petit Salon 3<\/strong> &#8211; H\u00f4tel des Vil-e-s &#8211;&nbsp; 2017<\/p>\n\n\n\n<p style=\"font-size:14px\">Collectif du Petit Petit Salon<\/p>\n\n\n\n<div style=\"height:20px\" aria-hidden=\"true\" class=\"wp-block-spacer\"><\/div>\n<\/div>\n\n\n\n<div class=\"wp-block-group is-layout-constrained wp-container-core-group-is-layout-72d38984 wp-block-group-is-layout-constrained\" style=\"margin-top:0;margin-bottom:0;padding-top:0;padding-right:0;padding-bottom:0;padding-left:0\">\n<p style=\"font-size:16px\"><strong>A l&rsquo;Arrache 5 Regards Hybrides<\/strong> &#8211; Les Abattoirs de Rioms &#8211;&nbsp; 2016<\/p>\n\n\n\n<p style=\"font-size:14px\">A l&rsquo;Arrache<\/p>\n\n\n\n<div style=\"height:20px\" aria-hidden=\"true\" class=\"wp-block-spacer\"><\/div>\n<\/div>\n\n\n\n<div class=\"wp-block-group is-layout-constrained wp-container-core-group-is-layout-72d38984 wp-block-group-is-layout-constrained\" style=\"margin-top:0;margin-bottom:0;padding-top:0;padding-right:0;padding-bottom:0;padding-left:0\">\n<p style=\"font-size:16px\"><strong>A l&rsquo;Anatomie du Labo 8<\/strong> &#8211; Salle Gilbert Gaillard &#8211;&nbsp; 2016<\/p>\n\n\n\n<p style=\"font-size:14px\">Ville de Clermont-Ferrand<\/p>\n\n\n\n<div style=\"height:20px\" aria-hidden=\"true\" class=\"wp-block-spacer\"><\/div>\n<\/div>\n\n\n\n<div class=\"wp-block-group is-layout-constrained wp-container-core-group-is-layout-72d38984 wp-block-group-is-layout-constrained\" style=\"margin-top:0;margin-bottom:0;padding-top:0;padding-right:0;padding-bottom:0;padding-left:0\">\n<p style=\"font-size:16px\"><strong>Petit Petit Salon 2<\/strong> &#8211; H\u00f4tel des Vil-e-s &#8211;&nbsp; 2016<\/p>\n\n\n\n<p style=\"font-size:14px\">Collectif du Petit Petit Salon<\/p>\n\n\n\n<div style=\"height:20px\" aria-hidden=\"true\" class=\"wp-block-spacer\"><\/div>\n<\/div>\n\n\n\n<div style=\"margin-top:0;margin-bottom:0;height:40px\" aria-hidden=\"true\" class=\"wp-block-spacer\"><\/div>\n","protected":false},"excerpt":{"rendered":"<p>Illustrateur scientifique. Je dessine depuis mon plus jeune \u00e2ge et je d\u00e9cide d&rsquo;orienter mes \u00e9tudes vers l&rsquo;architecture. En 2014, j\u2019obtiens mon dipl\u00f4me \u00e0 l&rsquo;\u00e9cole de Clermont-Ferrand et je commence \u00e0 travailler en agence. En parall\u00e8le, je m\u2019investis dans le milieu artistique clermontois et fran\u00e7ais, en participant \u00e0 diff\u00e9rents fanzines, \u00e0 des expositions et en organisant [&hellip;]<\/p>\n","protected":false},"author":1,"featured_media":0,"parent":0,"menu_order":2,"comment_status":"closed","ping_status":"closed","template":"header-footer-only","meta":{"om_disable_all_campaigns":false,"_monsterinsights_skip_tracking":false,"_monsterinsights_sitenote_active":false,"_monsterinsights_sitenote_note":"","_monsterinsights_sitenote_category":0,"footnotes":""},"class_list":["post-30","page","type-page","status-publish","hentry"],"aioseo_notices":[],"_links":{"self":[{"href":"https:\/\/gabrielpissondes.fr\/index.php\/wp-json\/wp\/v2\/pages\/30","targetHints":{"allow":["GET"]}}],"collection":[{"href":"https:\/\/gabrielpissondes.fr\/index.php\/wp-json\/wp\/v2\/pages"}],"about":[{"href":"https:\/\/gabrielpissondes.fr\/index.php\/wp-json\/wp\/v2\/types\/page"}],"author":[{"embeddable":true,"href":"https:\/\/gabrielpissondes.fr\/index.php\/wp-json\/wp\/v2\/users\/1"}],"replies":[{"embeddable":true,"href":"https:\/\/gabrielpissondes.fr\/index.php\/wp-json\/wp\/v2\/comments?post=30"}],"version-history":[{"count":48,"href":"https:\/\/gabrielpissondes.fr\/index.php\/wp-json\/wp\/v2\/pages\/30\/revisions"}],"predecessor-version":[{"id":861,"href":"https:\/\/gabrielpissondes.fr\/index.php\/wp-json\/wp\/v2\/pages\/30\/revisions\/861"}],"wp:attachment":[{"href":"https:\/\/gabrielpissondes.fr\/index.php\/wp-json\/wp\/v2\/media?parent=30"}],"curies":[{"name":"wp","href":"https:\/\/api.w.org\/{rel}","templated":true}]}}